{"id":379,"date":"2025-03-06T13:55:53","date_gmt":"2025-03-06T13:55:53","guid":{"rendered":"https:\/\/notsanforum.de\/?page_id=379"},"modified":"2025-03-06T15:01:31","modified_gmt":"2025-03-06T15:01:31","slug":"inhalte-2025","status":"publish","type":"page","link":"https:\/\/notsanforum.de\/?page_id=379","title":{"rendered":"Inhalte 2025"},"content":{"rendered":"<ul class=\"wp-block-latest-posts__list wp-block-latest-posts\"><li><div class=\"wp-block-latest-posts__featured-image alignright\"><a href=\"https:\/\/notsanforum.de\/?p=661\" aria-label=\"Book of Abstracts 2025\"><img loading=\"lazy\" decoding=\"async\" width=\"150\" height=\"150\" src=\"https:\/\/notsanforum.de\/wp-content\/uploads\/2025\/03\/NotSanForum_logo_v1_2025_cyan-150x150.png\" class=\"attachment-thumbnail size-thumbnail wp-post-image\" alt=\"\" style=\"\" \/><\/a><\/div><a class=\"wp-block-latest-posts__post-title\" href=\"https:\/\/notsanforum.de\/?p=661\">Book of Abstracts 2025<\/a><\/li>\n<li><div class=\"wp-block-latest-posts__featured-image alignright\"><a href=\"https:\/\/notsanforum.de\/?p=652\" aria-label=\"Fehlende Routine bei Neugeborenen Reanimationen \u2013 Oliver Gro\u00df\"><img loading=\"lazy\" decoding=\"async\" width=\"106\" height=\"150\" src=\"https:\/\/notsanforum.de\/wp-content\/uploads\/2025\/03\/Abstrakt-Oliver-Gross-Neugeborenen-Reanimation-1-pdf-106x150.jpg\" class=\"attachment-thumbnail size-thumbnail wp-post-image\" alt=\"\" style=\"\" \/><\/a><\/div><a class=\"wp-block-latest-posts__post-title\" href=\"https:\/\/notsanforum.de\/?p=652\">Fehlende Routine bei Neugeborenen Reanimationen \u2013 Oliver Gro\u00df<\/a><\/li>\n<li><div class=\"wp-block-latest-posts__featured-image alignright\"><a href=\"https:\/\/notsanforum.de\/?p=637\" aria-label=\"Stress und psychische Belastung im Rettungsdienst \u2013 Milena Merschen\"><img loading=\"lazy\" decoding=\"async\" width=\"106\" height=\"150\" src=\"https:\/\/notsanforum.de\/wp-content\/uploads\/2025\/03\/Stress-und-psychische-Belastung-Rettungsdienst-Abstract-1-1-pdf-106x150.jpg\" class=\"attachment-thumbnail size-thumbnail wp-post-image\" alt=\"\" style=\"\" \/><\/a><\/div><a class=\"wp-block-latest-posts__post-title\" href=\"https:\/\/notsanforum.de\/?p=637\">Stress und psychische Belastung im Rettungsdienst \u2013 Milena Merschen<\/a><\/li>\n<li><div class=\"wp-block-latest-posts__featured-image alignright\"><a href=\"https:\/\/notsanforum.de\/?p=633\" aria-label=\"Point-of-Care (POC) Diagnosetests im deutschen Rettungsdienst \u2013 Alexander Sawizki\"><img loading=\"lazy\" decoding=\"async\" width=\"106\" height=\"150\" src=\"https:\/\/notsanforum.de\/wp-content\/uploads\/2025\/03\/NFS-VA-Sawizki-Abtract-Praxislvl-X-1-pdf-106x150.jpg\" class=\"attachment-thumbnail size-thumbnail wp-post-image\" alt=\"\" style=\"\" \/><\/a><\/div><a class=\"wp-block-latest-posts__post-title\" href=\"https:\/\/notsanforum.de\/?p=633\">Point-of-Care (POC) Diagnosetests im deutschen Rettungsdienst \u2013 Alexander Sawizki<\/a><\/li>\n<li><div class=\"wp-block-latest-posts__featured-image alignright\"><a href=\"https:\/\/notsanforum.de\/?p=629\" aria-label=\"Notfallsonografie (POCUS) mit Notfallsanit\u00e4tern als Anwender \u2013 Devin Daniel\"><img loading=\"lazy\" decoding=\"async\" width=\"106\" height=\"150\" src=\"https:\/\/notsanforum.de\/wp-content\/uploads\/2025\/03\/Berufsentwicklung-Notfallsanitaeter-Impulsvortrag_Abstract-LF-9-Devin-Daniel-1-pdf-106x150.jpg\" class=\"attachment-thumbnail size-thumbnail wp-post-image\" alt=\"\" style=\"\" \/><\/a><\/div><a class=\"wp-block-latest-posts__post-title\" href=\"https:\/\/notsanforum.de\/?p=629\">Notfallsonografie (POCUS) mit Notfallsanit\u00e4tern als Anwender \u2013 Devin Daniel<\/a><\/li>\n<li><div class=\"wp-block-latest-posts__featured-image alignright\"><a href=\"https:\/\/notsanforum.de\/?p=621\" aria-label=\"Process Communication Modell \u2013 besser kommunizieren im Einsatz \u2013 Juliane Sell\"><img loading=\"lazy\" decoding=\"async\" width=\"106\" height=\"150\" src=\"https:\/\/notsanforum.de\/wp-content\/uploads\/2025\/03\/pcm-sell-1-pdf-106x150.jpg\" class=\"attachment-thumbnail size-thumbnail wp-post-image\" alt=\"\" style=\"\" \/><\/a><\/div><a class=\"wp-block-latest-posts__post-title\" href=\"https:\/\/notsanforum.de\/?p=621\">Process Communication Modell \u2013 besser kommunizieren im Einsatz \u2013 Juliane Sell<\/a><\/li>\n<li><div class=\"wp-block-latest-posts__featured-image alignright\"><a href=\"https:\/\/notsanforum.de\/?p=617\" aria-label=\"Der Einsatz von Erythrozytenkonzentraten in der pr\u00e4klinischen Notfallmedizin &#8211; Fokus auf das Medical Intervention Car aus Heidelberg \u2013 Jan-Malte Larres\"><img loading=\"lazy\" decoding=\"async\" width=\"106\" height=\"150\" src=\"https:\/\/notsanforum.de\/wp-content\/uploads\/2025\/03\/Abstract_NotSanForum_Larres-1-pdf-106x150.jpg\" class=\"attachment-thumbnail size-thumbnail wp-post-image\" alt=\"\" style=\"\" \/><\/a><\/div><a class=\"wp-block-latest-posts__post-title\" href=\"https:\/\/notsanforum.de\/?p=617\">Der Einsatz von Erythrozytenkonzentraten in der pr\u00e4klinischen Notfallmedizin &#8211; Fokus auf das Medical Intervention Car aus Heidelberg \u2013 Jan-Malte Larres<\/a><\/li>\n<li><div class=\"wp-block-latest-posts__featured-image alignright\"><a href=\"https:\/\/notsanforum.de\/?p=613\" aria-label=\"OMI\/NOMI und die Herzinfarktdiagnostik \u2013 Marc Balster\"><img loading=\"lazy\" decoding=\"async\" width=\"106\" height=\"150\" src=\"https:\/\/notsanforum.de\/wp-content\/uploads\/2025\/03\/NotSan-Forum-Marc-Balster-22B-1.1-1-pdf-106x150.jpg\" class=\"attachment-thumbnail size-thumbnail wp-post-image\" alt=\"\" style=\"\" \/><\/a><\/div><a class=\"wp-block-latest-posts__post-title\" href=\"https:\/\/notsanforum.de\/?p=613\">OMI\/NOMI und die Herzinfarktdiagnostik \u2013 Marc Balster<\/a><\/li>\n<li><div class=\"wp-block-latest-posts__featured-image alignright\"><a href=\"https:\/\/notsanforum.de\/?p=609\" aria-label=\"Stressmanagement im Rettungsdienst &#8211; Strategien zur Pr\u00e4vention von Burnout \u2013 Wei\u00dfenbach\"><img loading=\"lazy\" decoding=\"async\" width=\"106\" height=\"150\" src=\"https:\/\/notsanforum.de\/wp-content\/uploads\/2025\/03\/Stressmanagement-im-Rettungsdienst-\u2013-Strategien-zur-Praevention-von-Burnout-Weissenbach-1-pdf-106x150.jpg\" class=\"attachment-thumbnail size-thumbnail wp-post-image\" alt=\"\" style=\"\" \/><\/a><\/div><a class=\"wp-block-latest-posts__post-title\" href=\"https:\/\/notsanforum.de\/?p=609\">Stressmanagement im Rettungsdienst &#8211; Strategien zur Pr\u00e4vention von Burnout \u2013 Wei\u00dfenbach<\/a><\/li>\n<li><div class=\"wp-block-latest-posts__featured-image alignright\"><a href=\"https:\/\/notsanforum.de\/?p=605\" aria-label=\"Gewaltfreie Kommunikation im Rettungsdienst \u2013 Sophie Laureen Sch\u00fcrmann\"><img loading=\"lazy\" decoding=\"async\" width=\"106\" height=\"150\" src=\"https:\/\/notsanforum.de\/wp-content\/uploads\/2025\/03\/Gewaltfreie-Kommunikation-1-pdf-106x150.jpg\" class=\"attachment-thumbnail size-thumbnail wp-post-image\" alt=\"\" style=\"\" \/><\/a><\/div><a class=\"wp-block-latest-posts__post-title\" href=\"https:\/\/notsanforum.de\/?p=605\">Gewaltfreie Kommunikation im Rettungsdienst \u2013 Sophie Laureen Sch\u00fcrmann<\/a><\/li>\n<li><div class=\"wp-block-latest-posts__featured-image alignright\"><a href=\"https:\/\/notsanforum.de\/?p=595\" aria-label=\"Zwischen Idealismus und Selbstschutz \u2013 weil K\u00e4lte niemals die L\u00f6sung sein darf \u2013 Aline Scheldt\"><img loading=\"lazy\" decoding=\"async\" width=\"106\" height=\"150\" src=\"https:\/\/notsanforum.de\/wp-content\/uploads\/2025\/03\/Abstract-Coolout-Aline-Scheldt-1-pdf-106x150.jpg\" class=\"attachment-thumbnail size-thumbnail wp-post-image\" alt=\"\" style=\"\" \/><\/a><\/div><a class=\"wp-block-latest-posts__post-title\" href=\"https:\/\/notsanforum.de\/?p=595\">Zwischen Idealismus und Selbstschutz \u2013 weil K\u00e4lte niemals die L\u00f6sung sein darf \u2013 Aline Scheldt<\/a><\/li>\n<li><div class=\"wp-block-latest-posts__featured-image alignright\"><a href=\"https:\/\/notsanforum.de\/?p=591\" aria-label=\"Notfallsanit\u00e4ter im Spannungsfeld: Akade- misierung, Fachkompetenz und das Ge- sundheitssystem \u2013 Christin Schwarz\"><img loading=\"lazy\" decoding=\"async\" width=\"106\" height=\"150\" src=\"https:\/\/notsanforum.de\/wp-content\/uploads\/2025\/03\/Abstract-Christin-Schwarz-1-pdf-106x150.jpg\" class=\"attachment-thumbnail size-thumbnail wp-post-image\" alt=\"\" style=\"\" \/><\/a><\/div><a class=\"wp-block-latest-posts__post-title\" href=\"https:\/\/notsanforum.de\/?p=591\">Notfallsanit\u00e4ter im Spannungsfeld: Akade- misierung, Fachkompetenz und das Ge- sundheitssystem \u2013 Christin Schwarz<\/a><\/li>\n<li><div class=\"wp-block-latest-posts__featured-image alignright\"><a href=\"https:\/\/notsanforum.de\/?p=583\" aria-label=\"ACS Therapie mit Glyceroltrinitrat \u2013 Aaron Krahl\"><img loading=\"lazy\" decoding=\"async\" width=\"106\" height=\"150\" src=\"https:\/\/notsanforum.de\/wp-content\/uploads\/2025\/03\/Abstract_Krahl-1-pdf-106x150.jpg\" class=\"attachment-thumbnail size-thumbnail wp-post-image\" alt=\"\" style=\"\" \/><\/a><\/div><a class=\"wp-block-latest-posts__post-title\" href=\"https:\/\/notsanforum.de\/?p=583\">ACS Therapie mit Glyceroltrinitrat \u2013 Aaron Krahl<\/a><\/li>\n<li><div class=\"wp-block-latest-posts__featured-image alignright\"><a href=\"https:\/\/notsanforum.de\/?p=567\" aria-label=\"Traumatisch bedingter Kreislaufstillstand (TCA) \u2013 worum geht es hier eigentlich?\u00a0\u2013 \u00a0Indra Gerdes\u00a0\"><img loading=\"lazy\" decoding=\"async\" width=\"106\" height=\"150\" src=\"https:\/\/notsanforum.de\/wp-content\/uploads\/2025\/03\/Abstract-TCA-Gerdes-Indra-1-pdf-106x150.jpg\" class=\"attachment-thumbnail size-thumbnail wp-post-image\" alt=\"\" style=\"\" \/><\/a><\/div><a class=\"wp-block-latest-posts__post-title\" href=\"https:\/\/notsanforum.de\/?p=567\">Traumatisch bedingter Kreislaufstillstand (TCA) \u2013 worum geht es hier eigentlich?\u00a0\u2013 \u00a0Indra Gerdes\u00a0<\/a><\/li>\n<li><div class=\"wp-block-latest-posts__featured-image alignright\"><a href=\"https:\/\/notsanforum.de\/?p=563\" aria-label=\"Kommunikation im Rettungsdienst, Fehlerh\u00e4ufigkeit Nr1? \u2013 Sebastian Kesternich\"><img loading=\"lazy\" decoding=\"async\" width=\"106\" height=\"150\" src=\"https:\/\/notsanforum.de\/wp-content\/uploads\/2025\/03\/Abstract-Sebastian-Kesternich-1-pdf-106x150.jpg\" class=\"attachment-thumbnail size-thumbnail wp-post-image\" alt=\"\" style=\"\" \/><\/a><\/div><a class=\"wp-block-latest-posts__post-title\" href=\"https:\/\/notsanforum.de\/?p=563\">Kommunikation im Rettungsdienst, Fehlerh\u00e4ufigkeit Nr1? \u2013 Sebastian Kesternich<\/a><\/li>\n<li><div class=\"wp-block-latest-posts__featured-image alignright\"><a href=\"https:\/\/notsanforum.de\/?p=559\" aria-label=\"Traumatic Cardiac Arrest &#8211; Die Notwendigkeit zur Minderpriorisierung von Thoraxkompressionen \u2013 Mike Pieters\"><img loading=\"lazy\" decoding=\"async\" width=\"106\" height=\"150\" src=\"https:\/\/notsanforum.de\/wp-content\/uploads\/2025\/03\/Mike-Pieters-1-pdf-106x150.jpg\" class=\"attachment-thumbnail size-thumbnail wp-post-image\" alt=\"\" style=\"\" \/><\/a><\/div><a class=\"wp-block-latest-posts__post-title\" href=\"https:\/\/notsanforum.de\/?p=559\">Traumatic Cardiac Arrest &#8211; Die Notwendigkeit zur Minderpriorisierung von Thoraxkompressionen \u2013 Mike Pieters<\/a><\/li>\n<li><div class=\"wp-block-latest-posts__featured-image alignright\"><a href=\"https:\/\/notsanforum.de\/?p=555\" aria-label=\"PTBS \u2013 Mali Kl\u00fctsch\"><img loading=\"lazy\" decoding=\"async\" width=\"106\" height=\"150\" src=\"https:\/\/notsanforum.de\/wp-content\/uploads\/2025\/03\/Abstract-Mali-Kluetsch-PTBS-1-pdf-106x150.jpg\" class=\"attachment-thumbnail size-thumbnail wp-post-image\" alt=\"\" style=\"\" \/><\/a><\/div><a class=\"wp-block-latest-posts__post-title\" href=\"https:\/\/notsanforum.de\/?p=555\">PTBS \u2013 Mali Kl\u00fctsch<\/a><\/li>\n<li><div class=\"wp-block-latest-posts__featured-image alignright\"><a href=\"https:\/\/notsanforum.de\/?p=551\" aria-label=\"Dekubitusprophylaxe im Rettungsdienst &#8211; Hat der Rettungsdienst Einfluss auf Genese und Progredienz von Druckgeschw\u00fcren \u2013 Maria Laux\"><img loading=\"lazy\" decoding=\"async\" width=\"106\" height=\"150\" src=\"https:\/\/notsanforum.de\/wp-content\/uploads\/2025\/03\/Maria_Laux-1-pdf-106x150.jpg\" class=\"attachment-thumbnail size-thumbnail wp-post-image\" alt=\"\" style=\"\" \/><\/a><\/div><a class=\"wp-block-latest-posts__post-title\" href=\"https:\/\/notsanforum.de\/?p=551\">Dekubitusprophylaxe im Rettungsdienst &#8211; Hat der Rettungsdienst Einfluss auf Genese und Progredienz von Druckgeschw\u00fcren \u2013 Maria Laux<\/a><\/li>\n<li><div class=\"wp-block-latest-posts__featured-image alignright\"><a href=\"https:\/\/notsanforum.de\/?p=547\" aria-label=\"\u201eDa musst du durch; sonst ist das nichts f\u00fcr dich\u201c \u2013 Nico Adaldo\"><img loading=\"lazy\" decoding=\"async\" width=\"106\" height=\"150\" src=\"https:\/\/notsanforum.de\/wp-content\/uploads\/2025\/03\/Abstract-LF-10-Da-musst-du-durch-sonst-ist-das-nichts-fuer-dich-Nico-Adaldo-1-1-pdf-106x150.jpg\" class=\"attachment-thumbnail size-thumbnail wp-post-image\" alt=\"\" style=\"\" \/><\/a><\/div><a class=\"wp-block-latest-posts__post-title\" href=\"https:\/\/notsanforum.de\/?p=547\">\u201eDa musst du durch; sonst ist das nichts f\u00fcr dich\u201c \u2013 Nico Adaldo<\/a><\/li>\n<li><div class=\"wp-block-latest-posts__featured-image alignright\"><a href=\"https:\/\/notsanforum.de\/?p=543\" aria-label=\"Der Gemeinde-Notfallsanit\u00e4ter &#8211; Die L\u00f6sung der Personalnot oder nur ein weiterer Belastungsfaktor? \u2013 Nils Vahle\"><img loading=\"lazy\" decoding=\"async\" width=\"106\" height=\"150\" src=\"https:\/\/notsanforum.de\/wp-content\/uploads\/2025\/03\/Abstract-Gemeinde-NFS-1-pdf-106x150.jpg\" class=\"attachment-thumbnail size-thumbnail wp-post-image\" alt=\"\" style=\"\" \/><\/a><\/div><a class=\"wp-block-latest-posts__post-title\" href=\"https:\/\/notsanforum.de\/?p=543\">Der Gemeinde-Notfallsanit\u00e4ter &#8211; Die L\u00f6sung der Personalnot oder nur ein weiterer Belastungsfaktor? \u2013 Nils Vahle<\/a><\/li>\n<li><div class=\"wp-block-latest-posts__featured-image alignright\"><a href=\"https:\/\/notsanforum.de\/?p=539\" aria-label=\"Mechanische Reanimationshilfen im Rettungsdienst &#8211; Notwendig oder \u00fcberfl\u00fcssiger Luxus? \u2013 Noah Dannullis\"><img loading=\"lazy\" decoding=\"async\" width=\"106\" height=\"150\" src=\"https:\/\/notsanforum.de\/wp-content\/uploads\/2025\/03\/Abstract-Notsan-Forum-2025-Noah-Dannullis-1-pdf-106x150.jpg\" class=\"attachment-thumbnail size-thumbnail wp-post-image\" alt=\"\" style=\"\" \/><\/a><\/div><a class=\"wp-block-latest-posts__post-title\" href=\"https:\/\/notsanforum.de\/?p=539\">Mechanische Reanimationshilfen im Rettungsdienst &#8211; Notwendig oder \u00fcberfl\u00fcssiger Luxus? \u2013 Noah Dannullis<\/a><\/li>\n<li><div class=\"wp-block-latest-posts__featured-image alignright\"><a href=\"https:\/\/notsanforum.de\/?p=535\" aria-label=\"Belastungen im Rettungsdienst und die M\u00f6glichkeiten der Reduzierung durch Gesundheitsmanagement \u2013 Kerstin Gro\u00dfek\"><img loading=\"lazy\" decoding=\"async\" width=\"106\" height=\"150\" src=\"https:\/\/notsanforum.de\/wp-content\/uploads\/2025\/03\/Belastung-im-Rettungsdienst-1-pdf-106x150.jpg\" class=\"attachment-thumbnail size-thumbnail wp-post-image\" alt=\"\" style=\"\" \/><\/a><\/div><a class=\"wp-block-latest-posts__post-title\" href=\"https:\/\/notsanforum.de\/?p=535\">Belastungen im Rettungsdienst und die M\u00f6glichkeiten der Reduzierung durch Gesundheitsmanagement \u2013 Kerstin Gro\u00dfek<\/a><\/li>\n<li><div class=\"wp-block-latest-posts__featured-image alignright\"><a href=\"https:\/\/notsanforum.de\/?p=531\" aria-label=\"Professioneller Umgang mit PatientInnen mit Behinderung im Rettungsdienst \u2013 Bianca Schiffmann\"><img loading=\"lazy\" decoding=\"async\" width=\"106\" height=\"150\" src=\"https:\/\/notsanforum.de\/wp-content\/uploads\/2025\/03\/Abstract-LF10-B.S-1-pdf-106x150.jpg\" class=\"attachment-thumbnail size-thumbnail wp-post-image\" alt=\"\" style=\"\" \/><\/a><\/div><a class=\"wp-block-latest-posts__post-title\" href=\"https:\/\/notsanforum.de\/?p=531\">Professioneller Umgang mit PatientInnen mit Behinderung im Rettungsdienst \u2013 Bianca Schiffmann<\/a><\/li>\n<li><div class=\"wp-block-latest-posts__featured-image alignright\"><a href=\"https:\/\/notsanforum.de\/?p=527\" aria-label=\"FEUER! \u2013 aber es brennt doch gar nicht&#8230; \u2013 Benita Doll\"><img loading=\"lazy\" decoding=\"async\" width=\"106\" height=\"150\" src=\"https:\/\/notsanforum.de\/wp-content\/uploads\/2025\/03\/FEUER-aber-es-brennt-doch-gar-nicht.-Fertig-1-pdf-106x150.jpg\" class=\"attachment-thumbnail size-thumbnail wp-post-image\" alt=\"\" style=\"\" \/><\/a><\/div><a class=\"wp-block-latest-posts__post-title\" href=\"https:\/\/notsanforum.de\/?p=527\">FEUER! \u2013 aber es brennt doch gar nicht&#8230; \u2013 Benita Doll<\/a><\/li>\n<li><div class=\"wp-block-latest-posts__featured-image alignright\"><a href=\"https:\/\/notsanforum.de\/?p=523\" aria-label=\"Mobile Stroke Unit &#8211; Benefit oder Kostengrab? \u2013 Timo Prokisch\"><img loading=\"lazy\" decoding=\"async\" width=\"106\" height=\"150\" src=\"https:\/\/notsanforum.de\/wp-content\/uploads\/2025\/03\/Mobile-Stroke-Unit-Abstract-1-pdf-106x150.jpg\" class=\"attachment-thumbnail size-thumbnail wp-post-image\" alt=\"\" style=\"\" \/><\/a><\/div><a class=\"wp-block-latest-posts__post-title\" href=\"https:\/\/notsanforum.de\/?p=523\">Mobile Stroke Unit &#8211; Benefit oder Kostengrab? \u2013 Timo Prokisch<\/a><\/li>\n<li><div class=\"wp-block-latest-posts__featured-image alignright\"><a href=\"https:\/\/notsanforum.de\/?p=519\" aria-label=\"Spezialkr\u00e4fte im Rettungsdienst am Beispiel des \u201eHazardous Area Response Team\u201c \u2013\u00a0Ist so etwas in Deutschland umsetzbar? \u2013 Simon Dartenne\"><img loading=\"lazy\" decoding=\"async\" width=\"106\" height=\"150\" src=\"https:\/\/notsanforum.de\/wp-content\/uploads\/2025\/03\/Notsanforum-Simon-Dartenne-1-pdf-106x150.jpg\" class=\"attachment-thumbnail size-thumbnail wp-post-image\" alt=\"\" style=\"\" \/><\/a><\/div><a class=\"wp-block-latest-posts__post-title\" href=\"https:\/\/notsanforum.de\/?p=519\">Spezialkr\u00e4fte im Rettungsdienst am Beispiel des \u201eHazardous Area Response Team\u201c \u2013\u00a0Ist so etwas in Deutschland umsetzbar? \u2013 Simon Dartenne<\/a><\/li>\n<li><div class=\"wp-block-latest-posts__featured-image alignright\"><a href=\"https:\/\/notsanforum.de\/?p=515\" aria-label=\"Double Sequence Defibrillation &#8211; Therapiem\u00f6glichkeiten im Rahmen der Reanimation \u2013 Cora Mauel\"><img loading=\"lazy\" decoding=\"async\" width=\"106\" height=\"150\" src=\"https:\/\/notsanforum.de\/wp-content\/uploads\/2025\/03\/Double-Sequence-Defibrillation-C.-Mauel-22B-1-pdf-106x150.jpg\" class=\"attachment-thumbnail size-thumbnail wp-post-image\" alt=\"\" style=\"\" \/><\/a><\/div><a class=\"wp-block-latest-posts__post-title\" href=\"https:\/\/notsanforum.de\/?p=515\">Double Sequence Defibrillation &#8211; Therapiem\u00f6glichkeiten im Rahmen der Reanimation \u2013 Cora Mauel<\/a><\/li>\n<li><div class=\"wp-block-latest-posts__featured-image alignright\"><a href=\"https:\/\/notsanforum.de\/?p=511\" aria-label=\"Blutgasanalyse in der Pr\u00e4klinik &#8211; Eine m\u00f6gliche Methodik zur Verbesserung der Diagnostik und Therapie beim Patienten?\u00a0\u2013 \u00a0Markus Brings\"><img loading=\"lazy\" decoding=\"async\" width=\"106\" height=\"150\" src=\"https:\/\/notsanforum.de\/wp-content\/uploads\/2025\/03\/Abstrakt-Blutgasanalyse-in-der-Praeklinik-Markus-Brings-NotSan-22B-korrigierte-Fassung-1-pdf-106x150.jpg\" class=\"attachment-thumbnail size-thumbnail wp-post-image\" alt=\"\" style=\"\" \/><\/a><\/div><a class=\"wp-block-latest-posts__post-title\" href=\"https:\/\/notsanforum.de\/?p=511\">Blutgasanalyse in der Pr\u00e4klinik &#8211; Eine m\u00f6gliche Methodik zur Verbesserung der Diagnostik und Therapie beim Patienten?\u00a0\u2013 \u00a0Markus Brings<\/a><\/li>\n<li><div class=\"wp-block-latest-posts__featured-image alignright\"><a href=\"https:\/\/notsanforum.de\/?p=506\" aria-label=\"Erweiterte medikament\u00f6se Therapie f\u00fcr Notfallsanit\u00e4ter &#8211; Potenziale, Herausforderungen und Perspektiven\u00a0\u2013 Morten Schhulte-Mimberg\"><img loading=\"lazy\" decoding=\"async\" width=\"106\" height=\"150\" src=\"https:\/\/notsanforum.de\/wp-content\/uploads\/2025\/03\/Erweiterte-medikamentoese-Therapie-fuer-Notfallsanitaeter-\u2013-Abstract-Morten-Schhulte-Mimberg-1-pdf-106x150.jpg\" class=\"attachment-thumbnail size-thumbnail wp-post-image\" alt=\"\" style=\"\" \/><\/a><\/div><a class=\"wp-block-latest-posts__post-title\" href=\"https:\/\/notsanforum.de\/?p=506\">Erweiterte medikament\u00f6se Therapie f\u00fcr Notfallsanit\u00e4ter &#8211; Potenziale, Herausforderungen und Perspektiven\u00a0\u2013 Morten Schhulte-Mimberg<\/a><\/li>\n<li><div class=\"wp-block-latest-posts__featured-image alignright\"><a href=\"https:\/\/notsanforum.de\/?p=501\" aria-label=\"Das Liegetrauma als Kasuistik &#8211; Die Betrachtung eines wenig erforschten und untersch\u00e4tzen Syndroms \u2013 Annemarie Schuler\"><img loading=\"lazy\" decoding=\"async\" width=\"106\" height=\"150\" src=\"https:\/\/notsanforum.de\/wp-content\/uploads\/2025\/03\/A.Schuler-Abstract-LF10-1-1-pdf-106x150.jpg\" class=\"attachment-thumbnail size-thumbnail wp-post-image\" alt=\"\" style=\"\" \/><\/a><\/div><a class=\"wp-block-latest-posts__post-title\" href=\"https:\/\/notsanforum.de\/?p=501\">Das Liegetrauma als Kasuistik &#8211; Die Betrachtung eines wenig erforschten und untersch\u00e4tzen Syndroms \u2013 Annemarie Schuler<\/a><\/li>\n<li><div class=\"wp-block-latest-posts__featured-image alignright\"><a href=\"https:\/\/notsanforum.de\/?p=497\" aria-label=\"Kopf gesch\u00fcttelt, Gefahr erkannt? \u2013 SHAAKE als neuer Weg zur Diagnostik von Sch\u00e4del-Hirn-Traumata\u00a0\u2013 Laurin Zilgens\"><img loading=\"lazy\" decoding=\"async\" width=\"106\" height=\"150\" src=\"https:\/\/notsanforum.de\/wp-content\/uploads\/2025\/03\/ABSTRACT-Laurin-Zilgens-Lernfeld-X-1-pdf-106x150.jpg\" class=\"attachment-thumbnail size-thumbnail wp-post-image\" alt=\"\" style=\"\" \/><\/a><\/div><a class=\"wp-block-latest-posts__post-title\" href=\"https:\/\/notsanforum.de\/?p=497\">Kopf gesch\u00fcttelt, Gefahr erkannt? \u2013 SHAAKE als neuer Weg zur Diagnostik von Sch\u00e4del-Hirn-Traumata\u00a0\u2013 Laurin Zilgens<\/a><\/li>\n<li><div class=\"wp-block-latest-posts__featured-image alignright\"><a href=\"https:\/\/notsanforum.de\/?p=463\" aria-label=\"Pr\u00e4klinisches Management von Entzugssyndromen: Herausforderungen bei Alkoholabh\u00e4ngigen und geriatrischen Schmerzmittelpatienten \u2013 \u00a0Felix J\u00fclich\u00a0\"><img loading=\"lazy\" decoding=\"async\" width=\"106\" height=\"150\" src=\"https:\/\/notsanforum.de\/wp-content\/uploads\/2025\/03\/Juelich_Praeklinisches-Management-von-Entzugssyndromen-1-pdf-106x150.jpg\" class=\"attachment-thumbnail size-thumbnail wp-post-image\" alt=\"\" style=\"\" \/><\/a><\/div><a class=\"wp-block-latest-posts__post-title\" href=\"https:\/\/notsanforum.de\/?p=463\">Pr\u00e4klinisches Management von Entzugssyndromen: Herausforderungen bei Alkoholabh\u00e4ngigen und geriatrischen Schmerzmittelpatienten \u2013 \u00a0Felix J\u00fclich\u00a0<\/a><\/li>\n<li><div class=\"wp-block-latest-posts__featured-image alignright\"><a href=\"https:\/\/notsanforum.de\/?p=459\" aria-label=\"Reposition des oberen Sprunggelenks bei vorliegender Fehlstellung und die Relevanz dieser Ma\u00dfnahme\u00a0\u2013 \u00a0Larissa Heinritz\u00a0\"><img loading=\"lazy\" decoding=\"async\" width=\"106\" height=\"150\" src=\"https:\/\/notsanforum.de\/wp-content\/uploads\/2025\/03\/Heinritz-Abstract2025-1-pdf-106x150.jpg\" class=\"attachment-thumbnail size-thumbnail wp-post-image\" alt=\"\" style=\"\" \/><\/a><\/div><a class=\"wp-block-latest-posts__post-title\" href=\"https:\/\/notsanforum.de\/?p=459\">Reposition des oberen Sprunggelenks bei vorliegender Fehlstellung und die Relevanz dieser Ma\u00dfnahme\u00a0\u2013 \u00a0Larissa Heinritz\u00a0<\/a><\/li>\n<li><div class=\"wp-block-latest-posts__featured-image alignright\"><a href=\"https:\/\/notsanforum.de\/?p=455\" aria-label=\"Anonymit\u00e4t im Rettungsdienst &#8211; Wer behandelt mich eigentlich?\u00a0\u2013 \u00a0Hanka Heckes\u00a0\"><img loading=\"lazy\" decoding=\"async\" width=\"106\" height=\"150\" src=\"https:\/\/notsanforum.de\/wp-content\/uploads\/2025\/03\/Heckes-Hanka-Anonymitaet-im-Rettungsdienst-1-pdf-106x150.jpg\" class=\"attachment-thumbnail size-thumbnail wp-post-image\" alt=\"\" style=\"\" \/><\/a><\/div><a class=\"wp-block-latest-posts__post-title\" href=\"https:\/\/notsanforum.de\/?p=455\">Anonymit\u00e4t im Rettungsdienst &#8211; Wer behandelt mich eigentlich?\u00a0\u2013 \u00a0Hanka Heckes\u00a0<\/a><\/li>\n<li><div class=\"wp-block-latest-posts__featured-image alignright\"><a href=\"https:\/\/notsanforum.de\/?p=451\" aria-label=\"Herausforderung der Notfallsanit\u00e4terausbildung mit AD(H)S: Wege zu erfolgreichem Lernen\u00a0\u2013 Malin Pa\u00dfon\u00a0\"><img loading=\"lazy\" decoding=\"async\" width=\"106\" height=\"150\" src=\"https:\/\/notsanforum.de\/wp-content\/uploads\/2025\/03\/Hausarbeit_Passon-1-pdf-106x150.jpg\" class=\"attachment-thumbnail size-thumbnail wp-post-image\" alt=\"\" style=\"\" \/><\/a><\/div><a class=\"wp-block-latest-posts__post-title\" href=\"https:\/\/notsanforum.de\/?p=451\">Herausforderung der Notfallsanit\u00e4terausbildung mit AD(H)S: Wege zu erfolgreichem Lernen\u00a0\u2013 Malin Pa\u00dfon\u00a0<\/a><\/li>\n<li><div class=\"wp-block-latest-posts__featured-image alignright\"><a href=\"https:\/\/notsanforum.de\/?p=447\" aria-label=\"Effektivit\u00e4t von Simulationstraining im Rettungsdienst zur Verbesserung praktischer F\u00e4higkeiten \u2013 Nick Richter\"><img loading=\"lazy\" decoding=\"async\" width=\"106\" height=\"150\" src=\"https:\/\/notsanforum.de\/wp-content\/uploads\/2025\/03\/Effektivitaet-von-Simulationstraining-im-Rettungsdienst-zur-Verbesserung-praktischer-Faehigkeiten-1-1-pdf-106x150.jpg\" class=\"attachment-thumbnail size-thumbnail wp-post-image\" alt=\"\" style=\"\" \/><\/a><\/div><a class=\"wp-block-latest-posts__post-title\" href=\"https:\/\/notsanforum.de\/?p=447\">Effektivit\u00e4t von Simulationstraining im Rettungsdienst zur Verbesserung praktischer F\u00e4higkeiten \u2013 Nick Richter<\/a><\/li>\n<li><div class=\"wp-block-latest-posts__featured-image alignright\"><a href=\"https:\/\/notsanforum.de\/?p=443\" aria-label=\"Ausbildung zum\/zur Notfallsanit\u00e4ter\/in im Kontext der Genration Z \u2013 Jacqueline Zelke\"><img loading=\"lazy\" decoding=\"async\" width=\"106\" height=\"150\" src=\"https:\/\/notsanforum.de\/wp-content\/uploads\/2025\/03\/Abstract-2-pdf-106x150.jpg\" class=\"attachment-thumbnail size-thumbnail wp-post-image\" alt=\"\" style=\"\" \/><\/a><\/div><a class=\"wp-block-latest-posts__post-title\" href=\"https:\/\/notsanforum.de\/?p=443\">Ausbildung zum\/zur Notfallsanit\u00e4ter\/in im Kontext der Genration Z \u2013 Jacqueline Zelke<\/a><\/li>\n<li><div class=\"wp-block-latest-posts__featured-image alignright\"><a href=\"https:\/\/notsanforum.de\/?p=439\" aria-label=\"Sexualisierte Gewalt im Rettungsdienst: Betrifft sexualisierte Gewalt \u00fcberwiegend Frauen oder sind M\u00e4nner auch betroffen?\u00a0\u2013 Laura Cyliax\"><img loading=\"lazy\" decoding=\"async\" width=\"106\" height=\"150\" src=\"https:\/\/notsanforum.de\/wp-content\/uploads\/2025\/03\/Abstract-1-1-pdf-106x150.jpg\" class=\"attachment-thumbnail size-thumbnail wp-post-image\" alt=\"\" style=\"\" \/><\/a><\/div><a class=\"wp-block-latest-posts__post-title\" href=\"https:\/\/notsanforum.de\/?p=439\">Sexualisierte Gewalt im Rettungsdienst: Betrifft sexualisierte Gewalt \u00fcberwiegend Frauen oder sind M\u00e4nner auch betroffen?\u00a0\u2013 Laura Cyliax<\/a><\/li>\n<li><div class=\"wp-block-latest-posts__featured-image alignright\"><a href=\"https:\/\/notsanforum.de\/?p=435\" aria-label=\"Kommunikation\/Interaktion in der pr\u00e4klinischen Versorgung in Bezug auf Patienten mit Bewusstseinsst\u00f6rungen\u00a0\u2013 \u00a0Marina Koep\u00a0\"><img loading=\"lazy\" decoding=\"async\" width=\"106\" height=\"150\" src=\"https:\/\/notsanforum.de\/wp-content\/uploads\/2025\/03\/Abstract_Marina_Koep_NotSan22A-1-pdf-106x150.jpg\" class=\"attachment-thumbnail size-thumbnail wp-post-image\" alt=\"\" style=\"\" \/><\/a><\/div><a class=\"wp-block-latest-posts__post-title\" href=\"https:\/\/notsanforum.de\/?p=435\">Kommunikation\/Interaktion in der pr\u00e4klinischen Versorgung in Bezug auf Patienten mit Bewusstseinsst\u00f6rungen\u00a0\u2013 \u00a0Marina Koep\u00a0<\/a><\/li>\n<li><div class=\"wp-block-latest-posts__featured-image alignright\"><a href=\"https:\/\/notsanforum.de\/?p=431\" aria-label=\"Welche Auswirkungen hat das Ph\u00e4nomen der emotionalen Distanzierung (,,Cool Out\u2018\u2018) auf Mitarbeitende im Rettungsdienst und wie beeinflusst es die Qualit\u00e4t der Notfallversorgung in st\u00e4dtischen Gebieten?\u00a0\u2013 \u00a0Jennifer Ramm\u00a0\"><img loading=\"lazy\" decoding=\"async\" width=\"106\" height=\"150\" src=\"https:\/\/notsanforum.de\/wp-content\/uploads\/2025\/03\/Abstract_LF10_-Ramm-neu-1-pdf-106x150.jpg\" class=\"attachment-thumbnail size-thumbnail wp-post-image\" alt=\"\" style=\"\" \/><\/a><\/div><a class=\"wp-block-latest-posts__post-title\" href=\"https:\/\/notsanforum.de\/?p=431\">Welche Auswirkungen hat das Ph\u00e4nomen der emotionalen Distanzierung (,,Cool Out\u2018\u2018) auf Mitarbeitende im Rettungsdienst und wie beeinflusst es die Qualit\u00e4t der Notfallversorgung in st\u00e4dtischen Gebieten?\u00a0\u2013 \u00a0Jennifer Ramm\u00a0<\/a><\/li>\n<li><div class=\"wp-block-latest-posts__featured-image alignright\"><a href=\"https:\/\/notsanforum.de\/?p=427\" aria-label=\"Die Sinnhaftigkeit von Checklisten im Rettungsdienst\u00a0\u2013 \u00a0Viktoria Liesen\u00a0\"><img loading=\"lazy\" decoding=\"async\" width=\"106\" height=\"150\" src=\"https:\/\/notsanforum.de\/wp-content\/uploads\/2025\/03\/Abstract-Viktoria-Liesen-Checklisten-1-1-pdf-106x150.jpg\" class=\"attachment-thumbnail size-thumbnail wp-post-image\" alt=\"\" style=\"\" \/><\/a><\/div><a class=\"wp-block-latest-posts__post-title\" href=\"https:\/\/notsanforum.de\/?p=427\">Die Sinnhaftigkeit von Checklisten im Rettungsdienst\u00a0\u2013 \u00a0Viktoria Liesen\u00a0<\/a><\/li>\n<li><div class=\"wp-block-latest-posts__featured-image alignright\"><a href=\"https:\/\/notsanforum.de\/?p=423\" aria-label=\"Die Patientenverf\u00fcgung im Rettungsdienst &#8211; \u201eIm Zweifel f\u00fcr das Leben?\u201c Theorie und Praxis im Notfall \u2013 Jona Behnke\"><img loading=\"lazy\" decoding=\"async\" width=\"106\" height=\"150\" src=\"https:\/\/notsanforum.de\/wp-content\/uploads\/2025\/03\/Abstract-NotSan-Forum_2025_Behnke-pdf-106x150.jpg\" class=\"attachment-thumbnail size-thumbnail wp-post-image\" alt=\"\" style=\"\" \/><\/a><\/div><a class=\"wp-block-latest-posts__post-title\" href=\"https:\/\/notsanforum.de\/?p=423\">Die Patientenverf\u00fcgung im Rettungsdienst &#8211; \u201eIm Zweifel f\u00fcr das Leben?\u201c Theorie und Praxis im Notfall \u2013 Jona Behnke<\/a><\/li>\n<li><div class=\"wp-block-latest-posts__featured-image alignright\"><a href=\"https:\/\/notsanforum.de\/?p=419\" aria-label=\"Wie k\u00f6nnen wir den Umgang zwischen Rettungsdienstpersonal und Seheingeschr\u00e4nkten Patienten leichter machen?\u00a0\u2013 Mercedes Schmitz\u00a0\"><img loading=\"lazy\" decoding=\"async\" width=\"106\" height=\"150\" src=\"https:\/\/notsanforum.de\/wp-content\/uploads\/2025\/03\/Abstract-NotSan-Forum-1-pdf-106x150.jpg\" class=\"attachment-thumbnail size-thumbnail wp-post-image\" alt=\"\" style=\"\" \/><\/a><\/div><a class=\"wp-block-latest-posts__post-title\" href=\"https:\/\/notsanforum.de\/?p=419\">Wie k\u00f6nnen wir den Umgang zwischen Rettungsdienstpersonal und Seheingeschr\u00e4nkten Patienten leichter machen?\u00a0\u2013 Mercedes Schmitz\u00a0<\/a><\/li>\n<li><div class=\"wp-block-latest-posts__featured-image alignright\"><a href=\"https:\/\/notsanforum.de\/?p=415\" aria-label=\"\u00a0Kein Puls, kein Problem? LVAD-Patienten im Rettungsdienst\u00a0\u2013 \u00a0Leon Blatter\u00a0\"><img loading=\"lazy\" decoding=\"async\" width=\"106\" height=\"150\" src=\"https:\/\/notsanforum.de\/wp-content\/uploads\/2025\/03\/Abstract-Leon-Blatter-Nobiz-3-1-pdf-106x150.jpg\" class=\"attachment-thumbnail size-thumbnail wp-post-image\" alt=\"\" style=\"\" \/><\/a><\/div><a class=\"wp-block-latest-posts__post-title\" href=\"https:\/\/notsanforum.de\/?p=415\">\u00a0Kein Puls, kein Problem? LVAD-Patienten im Rettungsdienst\u00a0\u2013 \u00a0Leon Blatter\u00a0<\/a><\/li>\n<li><div class=\"wp-block-latest-posts__featured-image alignright\"><a href=\"https:\/\/notsanforum.de\/?p=402\" aria-label=\"Diagnose Schichtarbeit &#8211; die untersch\u00e4tzten Folgen &#8211; Warum unser K\u00f6rper den Takt verliert\u00a0\u2013 \u00a0Jasmin Brauckmann\u00a0\"><img loading=\"lazy\" decoding=\"async\" width=\"106\" height=\"150\" src=\"https:\/\/notsanforum.de\/wp-content\/uploads\/2025\/03\/Abstract-Jasmin-Brauckmann-Diagnose-Schichtarbeit-1-1-pdf-106x150.jpg\" class=\"attachment-thumbnail size-thumbnail wp-post-image\" alt=\"\" style=\"\" \/><\/a><\/div><a class=\"wp-block-latest-posts__post-title\" href=\"https:\/\/notsanforum.de\/?p=402\">Diagnose Schichtarbeit &#8211; die untersch\u00e4tzten Folgen &#8211; Warum unser K\u00f6rper den Takt verliert\u00a0\u2013 \u00a0Jasmin Brauckmann\u00a0<\/a><\/li>\n<li><div class=\"wp-block-latest-posts__featured-image alignright\"><a href=\"https:\/\/notsanforum.de\/?p=398\" aria-label=\"Immobilisation nach Verkehrsunf\u00e4llen &#8211; Was mache ich, wenn Patient*innen schneller am RTW sind als ich am PKW?\u00a0\u2013 Hanna Kurth\u00a0\"><img loading=\"lazy\" decoding=\"async\" width=\"106\" height=\"150\" src=\"https:\/\/notsanforum.de\/wp-content\/uploads\/2025\/03\/Abstract-Hanna-Kurth-22A-1-pdf-106x150.jpg\" class=\"attachment-thumbnail size-thumbnail wp-post-image\" alt=\"\" style=\"\" \/><\/a><\/div><a class=\"wp-block-latest-posts__post-title\" href=\"https:\/\/notsanforum.de\/?p=398\">Immobilisation nach Verkehrsunf\u00e4llen &#8211; Was mache ich, wenn Patient*innen schneller am RTW sind als ich am PKW?\u00a0\u2013 Hanna Kurth\u00a0<\/a><\/li>\n<li><div class=\"wp-block-latest-posts__featured-image alignright\"><a href=\"https:\/\/notsanforum.de\/?p=394\" aria-label=\"Einf\u00fchrung von BGA-Ger\u00e4ten im Rettungsdienst\u00a0\u2013 Felix Joormann\"><img loading=\"lazy\" decoding=\"async\" width=\"106\" height=\"150\" src=\"https:\/\/notsanforum.de\/wp-content\/uploads\/2025\/03\/Abstract-BGA-im-Retungsdienst-F.Joormann-1-1-pdf-106x150.jpg\" class=\"attachment-thumbnail size-thumbnail wp-post-image\" alt=\"\" style=\"\" \/><\/a><\/div><a class=\"wp-block-latest-posts__post-title\" href=\"https:\/\/notsanforum.de\/?p=394\">Einf\u00fchrung von BGA-Ger\u00e4ten im Rettungsdienst\u00a0\u2013 Felix Joormann<\/a><\/li>\n<li><div class=\"wp-block-latest-posts__featured-image alignright\"><a href=\"https:\/\/notsanforum.de\/?p=390\" aria-label=\"Qualifizierte Ersthelfer bei der pr\u00e4klinischen Reanimation\u00a0\u2013 \u00a0Thomas Linden\"><img loading=\"lazy\" decoding=\"async\" width=\"106\" height=\"150\" src=\"https:\/\/notsanforum.de\/wp-content\/uploads\/2025\/03\/Abstract-\u2013-Kopie-ueberarbeitet-\u2013-pdf-1-pdf-106x150.jpg\" class=\"attachment-thumbnail size-thumbnail wp-post-image\" alt=\"\" style=\"\" \/><\/a><\/div><a class=\"wp-block-latest-posts__post-title\" href=\"https:\/\/notsanforum.de\/?p=390\">Qualifizierte Ersthelfer bei der pr\u00e4klinischen Reanimation\u00a0\u2013 \u00a0Thomas Linden<\/a><\/li>\n<li><div class=\"wp-block-latest-posts__featured-image alignright\"><a href=\"https:\/\/notsanforum.de\/?p=383\" aria-label=\"Notfallmedizin f\u00fcr Kinder &#8211; eine Versorgungsl\u00fccke die Leben kosten kann\u00a0\u2013 Clara Touppen\"><img loading=\"lazy\" decoding=\"async\" width=\"106\" height=\"150\" src=\"https:\/\/notsanforum.de\/wp-content\/uploads\/2025\/03\/Abstract-Clara-Touppen-1-pdf-106x150.jpg\" class=\"attachment-thumbnail size-thumbnail wp-post-image\" alt=\"\" style=\"\" \/><\/a><\/div><a class=\"wp-block-latest-posts__post-title\" href=\"https:\/\/notsanforum.de\/?p=383\">Notfallmedizin f\u00fcr Kinder &#8211; eine Versorgungsl\u00fccke die Leben kosten kann\u00a0\u2013 Clara Touppen<\/a><\/li>\n<\/ul>\n\n\n<p><\/p>\n","protected":false},"excerpt":{"rendered":"","protected":false},"author":1,"featured_media":0,"parent":0,"menu_order":0,"comment_status":"closed","ping_status":"closed","template":"","meta":{"footnotes":""},"class_list":["post-379","page","type-page","status-publish","hentry"],"_links":{"self":[{"href":"https:\/\/notsanforum.de\/index.php?rest_route=\/wp\/v2\/pages\/379","targetHints":{"allow":["GET"]}}],"collection":[{"href":"https:\/\/notsanforum.de\/index.php?rest_route=\/wp\/v2\/pages"}],"about":[{"href":"https:\/\/notsanforum.de\/index.php?rest_route=\/wp\/v2\/types\/page"}],"author":[{"embeddable":true,"href":"https:\/\/notsanforum.de\/index.php?rest_route=\/wp\/v2\/users\/1"}],"replies":[{"embeddable":true,"href":"https:\/\/notsanforum.de\/index.php?rest_route=%2Fwp%2Fv2%2Fcomments&post=379"}],"version-history":[{"count":4,"href":"https:\/\/notsanforum.de\/index.php?rest_route=\/wp\/v2\/pages\/379\/revisions"}],"predecessor-version":[{"id":470,"href":"https:\/\/notsanforum.de\/index.php?rest_route=\/wp\/v2\/pages\/379\/revisions\/470"}],"wp:attachment":[{"href":"https:\/\/notsanforum.de\/index.php?rest_route=%2Fwp%2Fv2%2Fmedia&parent=379"}],"curies":[{"name":"wp","href":"https:\/\/api.w.org\/{rel}","templated":true}]}}